{"id":26307,"date":"2018-09-13T16:52:51","date_gmt":"2018-09-13T15:52:51","guid":{"rendered":"https:\/\/www.armeemuseum.ch\/pagina-iniziale\/collezioni-e-musei-militari-in-svizzera\/"},"modified":"2024-04-15T19:41:51","modified_gmt":"2024-04-15T18:41:51","slug":"collezioni-e-musei-militari-in-svizzera","status":"publish","type":"page","link":"https:\/\/armeemuseum.ch\/it\/link\/collezioni-e-musei-militari-in-svizzera\/","title":{"rendered":"Collezioni e musei militari in Svizzera"},"content":{"rendered":"<p>[et_pb_section fb_built=&#8221;1&#8243; admin_label=&#8221;section&#8221; _builder_version=&#8221;4.16&#8243; global_colors_info=&#8221;{}&#8221;][et_pb_row admin_label=&#8221;row&#8221; _builder_version=&#8221;4.16&#8243; background_size=&#8221;initial&#8221; background_position=&#8221;top_left&#8221; background_repeat=&#8221;repeat&#8221; global_colors_info=&#8221;{}&#8221; column_structure=&#8221;2_3,1_3&#8243;][et_pb_column type=&#8221;2_3&#8243; _builder_version=&#8221;4.16&#8243; custom_padding=&#8221;|||&#8221; global_colors_info=&#8221;{}&#8221; custom_padding__hover=&#8221;|||&#8221;][et_pb_text admin_label=&#8221;Text&#8221; _builder_version=&#8221;4.16&#8243; background_size=&#8221;initial&#8221; background_position=&#8221;top_left&#8221; background_repeat=&#8221;repeat&#8221; use_border_color=&#8221;off&#8221; border_color=&#8221;#ffffff&#8221; border_style=&#8221;solid&#8221; global_colors_info=&#8221;{}&#8221;]<\/p>\n<h2><strong><span lang=\"IT-CH\">Collezioni e musei militari in Svizzera<\/span><\/strong><\/h2>\n<p>&nbsp;<\/p>\n<p>[\/et_pb_text][\/et_pb_column][et_pb_column type=&#8221;1_3&#8243; _builder_version=&#8221;4.16&#8243; custom_padding=&#8221;|||&#8221; global_colors_info=&#8221;{}&#8221; custom_padding__hover=&#8221;|||&#8221;][et_pb_image src=&#8221;https:\/\/armeemuseum.ch\/wp-content\/uploads\/2016\/06\/Logo-VSAM-komprimiert-1.jpg&#8221; align_tablet=&#8221;center&#8221; align_last_edited=&#8221;on|desktop&#8221; admin_label=&#8221;Bild&#8221; _builder_version=&#8221;4.16&#8243; animation_style=&#8221;slide&#8221; animation_direction=&#8221;left&#8221; animation_duration=&#8221;500ms&#8221; animation_intensity_slide=&#8221;10%&#8221; use_border_color=&#8221;off&#8221; border_color=&#8221;#ffffff&#8221; border_style=&#8221;solid&#8221; animation=&#8221;left&#8221; sticky=&#8221;off&#8221; always_center_on_mobile=&#8221;on&#8221; global_colors_info=&#8221;{}&#8221; align_phone=&#8221;center&#8221;][\/et_pb_image][\/et_pb_column][\/et_pb_row][et_pb_row admin_label=&#8221;Zeile&#8221; _builder_version=&#8221;4.16&#8243; background_size=&#8221;initial&#8221; background_position=&#8221;top_left&#8221; background_repeat=&#8221;repeat&#8221; global_colors_info=&#8221;{}&#8221;][et_pb_column type=&#8221;4_4&#8243; _builder_version=&#8221;4.16&#8243; custom_padding=&#8221;|||&#8221; global_colors_info=&#8221;{}&#8221; custom_padding__hover=&#8221;|||&#8221;][et_pb_text admin_label=&#8221;Text&#8221; _builder_version=&#8221;4.19.4&#8243; background_size=&#8221;initial&#8221; background_position=&#8221;top_left&#8221; background_repeat=&#8221;repeat&#8221; hover_enabled=&#8221;0&#8243; use_border_color=&#8221;off&#8221; border_color=&#8221;#ffffff&#8221; border_style=&#8221;solid&#8221; global_colors_info=&#8221;{}&#8221; sticky_enabled=&#8221;0&#8243;]<\/p>\n<div id=\"c2429\" class=\"csc-default\">\n<p><a href=\"https:\/\/museemilitaire.ch\/\" title=\"https:\/\/museemilitaire.ch\/\">https:\/\/museemilitaire.ch\/<\/a><\/p>\n<div class=\"csc-header csc-header-n2\">\n<h1>Aargau<\/h1>\n<\/div>\n<ul>\n<li>Festungsmuseum Reuenthal<br \/><a href=\"http:\/\/www.festungsmuseum.ch\" target=\"_blank\" rel=\"noopener noreferrer\">www.festungsmuseum.ch<\/a><\/li>\n<li>Milit\u00e4rmuseum Full<br \/><a href=\"http:\/\/www.militaer-museum.ch\" target=\"_blank\" rel=\"noopener noreferrer\">www.militaer-museum.ch<\/a><\/li>\n<li>Milit\u00e4rmuseum Wildegg<br \/><a class=\"external-link-new-window\" title=\"Opens external link in new window\" href=\"http:\/\/www.militaermuseumwildegg.ch\/Home_hk_1.html\" target=\"_blank\" rel=\"noopener noreferrer\">www.militaermuseumwildegg.ch<\/a><\/li>\n<\/ul>\n<\/div>\n<div id=\"c2430\" class=\"csc-default\">\n<div class=\"csc-header csc-header-n3\">\n<h1>Bern<\/h1>\n<\/div>\n<ul>\n<li>Stiftung Historisches Material der Schweizer Armee, Postfach 199. 3602 Thun<br \/><a href=\"http:\/\/www.stiftung-ham.ch\" target=\"_blank\" rel=\"noopener\">www.stiftung-ham.ch<\/a><\/li>\n<li>Schweizerisches Sch\u00fctzenmuseum, Bernastrasse 5, 3005 Bern<br \/><a class=\"external-link-new-window\" title=\"Opens external link in new window\" href=\"http:\/\/www.schuetzenmuseum.ch\/\" target=\"_blank\" rel=\"noopener noreferrer\">www.schuetzenmuseum.ch<\/a><\/li>\n<li>Befestigungen im Berner Oberland<br \/><a class=\"external-link-new-window\" title=\"Opens external link in new window\" href=\"http:\/\/www.festung-oberland.ch\/\" target=\"_blank\" rel=\"noopener noreferrer\">www.festung-oberland.ch<\/a><\/li>\n<li>Stiftung Artilleriewerk Faulensee<br \/><a class=\"external-link-new-window\" title=\"Opens external link in new window\" href=\"http:\/\/www.artilleriewerk-faulensee.ch\/\" target=\"_blank\" rel=\"noopener noreferrer\">www.artilleriewerk-faulensee.ch<\/a><\/li>\n<li>Bunker Fischbalmen<br \/><a class=\"external-link-new-window\" title=\"Opens external link in new window\" href=\"http:\/\/www.bunker-fischbalmen.ch\/\" target=\"_blank\" rel=\"noopener noreferrer\">www.bunker-fischbalmen.ch<\/a><\/li>\n<\/ul>\n<ul>\n<li>Artilleriewerk Waldbrand, Festungsmuseum im Berner Oberland<br \/><a class=\"external-link-new-window\" title=\"Opens external link in new window\" href=\"http:\/\/www.festung-waldbrand.ch\/\" target=\"_blank\" rel=\"noopener noreferrer\">http:\/\/www.festung-waldbrand.ch<\/a><\/li>\n<\/ul>\n<ul>\n<li>Artilleriefort Spiez-Krattigen<br \/><a class=\"external-link-new-window\" title=\"Opens external link in new window\" href=\"http:\/\/www.afosk.ch\/\" target=\"_blank\" rel=\"noopener noreferrer\">www.afosk.ch<\/a><\/li>\n<\/ul>\n<ul>\n<li>Infanterie-Festung Berner Oberland<br \/><a class=\"external-link-new-window\" title=\"Opens external link in new window\" href=\"http:\/\/www.infanteriefestung.ch\/\" target=\"_blank\" rel=\"noopener noreferrer\">www.infanteriefestung.ch<\/a><\/li>\n<\/ul>\n<ul>\n<li>IG B\u00f6deli-Werke<br \/><a class=\"external-link-new-window\" title=\"Opens external link in new window\" href=\"http:\/\/www.ig-boedeliwerke.ch\/\" target=\"_blank\" rel=\"noopener noreferrer\">www.ig-boedeliwerke.ch<\/a><\/li>\n<\/ul>\n<\/div>\n<div id=\"c2431\" class=\"csc-default\">\n<div class=\"csc-header csc-header-n4\">\n<h1>Genf<\/h1>\n<\/div>\n<ul>\n<li>Mus\u00e9e militaire genevois, ch. de l&#8217;Imp\u00e9ratrice 18,\u00a01292 Pregny-Chamb\u00e9sy, <a href=\"https:\/\/museemilitaire.ch\/\" title=\"https:\/\/museemilitaire.ch\/\">https:\/\/museemilitaire.ch\/<\/a><\/li>\n<\/ul>\n<ul>\n<li>Mus\u00e8e des Suisses dans le Monde, Chemin de l&#8217;Imp\u00e9ratrice 18, 1292 Pregny-Chamb\u00e9sy,\u00a0<a title=\"dans\" href=\"http:\/\/www.penthes.ch\/\" target=\"des\" rel=\"noopener\"> http:\/\/www.penthes.ch<\/a><\/li>\n<\/ul>\n<\/div>\n<div id=\"c2443\" class=\"csc-default\">\n<div class=\"csc-header csc-header-n5\">\n<h1>Graub\u00fcnden<\/h1>\n<\/div>\n<ul>\n<li>Festungsmuseum Crestawald, Milit\u00e4rhistorische Stiftung Graub\u00fcnden<br \/><a class=\"external-link-new-window\" title=\"Opens external link in new window\" href=\"http:\/\/www.festung-gr.ch\/\" target=\"_blank\" rel=\"noopener noreferrer\">www.festung-gr.ch<\/a><\/li>\n<li>Milit\u00e4rmuseum St. Luzisteig<br \/><a class=\"external-link-new-window\" title=\"Opens external link in new window\" href=\"http:\/\/www.luzisteig.ch\/\" target=\"_blank\" rel=\"noopener noreferrer\">www.luzisteig.ch<\/a><\/li>\n<li>Fortezia Stalusa<br \/><a href=\"http:\/\/www.stalusa.ch\">www.stalusa.ch<\/a><\/li>\n<\/ul>\n<\/div>\n<div id=\"c2432\" class=\"csc-default\">\n<div class=\"csc-header csc-header-n6\">\n<h1>Jura<\/h1>\n<ul>\n<li>Espace des troupes jurassiennes<br \/><a href=\"http:\/\/www.musee-de-saint-imier.ch\" target=\"_blank\" rel=\"noopener\">www.musee-de-saint-imier.ch<\/a><\/li>\n<\/ul>\n<h1>Luzern<\/h1>\n<\/div>\n<ul>\n<li>Bourbaki-Panorama Luzern<br \/><a href=\"http:\/\/www.bourbaki.ch\" target=\"_blank\" rel=\"noopener noreferrer\">www.bourbaki.ch<\/a><\/li>\n<li>Milit\u00e4rmuseum Luzern<br \/><a class=\"external-link-new-window\" title=\"Opens external link in new window\" href=\"http:\/\/www.militaermuseum.ch\/\" target=\"_blank\" rel=\"noopener noreferrer\">www.militaermuseum.ch<\/a><\/li>\n<\/ul>\n<\/div>\n<div id=\"c2433\" class=\"csc-default\">\n<div class=\"csc-header csc-header-n7\">\n<h1>Neuenburg<\/h1>\n<\/div>\n<ul>\n<li>Mus\u00e9e militaire, Ch\u00e2teau, 2013 Colombier<br \/><a class=\"external-link-new-window\" title=\"Opens external link in new window\" href=\"http:\/\/www.seeland-museum.ch\/colombier\" target=\"_blank\" rel=\"noopener noreferrer\">http:\/\/www.seeland-museum.ch\/colombier<\/a><\/li>\n<\/ul>\n<\/div>\n<div id=\"c2434\" class=\"csc-default\">\n<div class=\"csc-header csc-header-n8\">\n<h1>Nidwalden<\/h1>\n<ul>\n<li>Festung F\u00fcrigen<br \/><a href=\"http:\/\/www.nidwaldner-museum.ch\/ausstellungen\/festung-fuerigen\" target=\"_blank\" rel=\"noopener\">http:\/\/www.nidwaldner-museum.ch\/ausstellungen\/festung-fuerigen<\/a><\/li>\n<\/ul>\n<h1>Schaffhausen<\/h1>\n<\/div>\n<ul>\n<li>Museum im Zeughaus, Schaffhausen<br \/><a class=\"external-link-new-window\" title=\"Opens external link in new window\" href=\"http:\/\/www.museumimzeughaus.ch\/\" target=\"_blank\" rel=\"noopener noreferrer\">www.museumimzeughaus.ch<\/a><\/li>\n<li>Rheinkastell, Tr\u00e4gerverein f\u00fcr die Befestigungsanlagen im Schaaren<br \/><a href=\"http:\/\/www.rheinkastell.ch\" target=\"_blank\" rel=\"noopener noreferrer\">www.rheinkastell.ch<\/a><\/li>\n<\/ul>\n<\/div>\n<div id=\"c2435\" class=\"csc-default\">\n<div class=\"csc-header csc-header-n9\">\n<h1>Solothurn<\/h1>\n<\/div>\n<ul>\n<li>Altes Zeughaus Solothurn, 4500 Solothurn<br \/>Waffen, Uniformen und Fahnen vom Sp\u00e4tmittelalter bis in die Neuzeit<br \/><a class=\"external-link-new-window\" title=\"Opens external link in new window\" href=\"http:\/\/www.museum-alteszeughaus.ch\/\" target=\"_blank\" rel=\"noopener noreferrer\">www.museum-alteszeughaus.ch<\/a><\/li>\n<\/ul>\n<\/div>\n<div id=\"c2436\" class=\"csc-default\">\n<div class=\"csc-header csc-header-n10\">\n<h1>Schwyz<\/h1>\n<\/div>\n<ul>\n<li>Forum Schweizer Geschichte, Schweizerisches Nationalmuseum, 6430 Schwyz<br \/><a class=\"external-link-new-window\" title=\"Opens external link in new window\" href=\"http:\/\/www.forumschwyz.ch\/\" target=\"_blank\" rel=\"noopener noreferrer\">www.forumschwyz.ch<\/a><\/li>\n<li>Bundesbriefmuseum, Bahnhofstrasse 20, 6430 Schwyz<br \/><a class=\"external-link-new-window\" title=\"Opens external link in new window\" href=\"http:\/\/www.bundesbriefmuseum.ch\/\" target=\"_blank\" rel=\"noopener noreferrer\">www.bundesbriefmuseum.ch<\/a><\/li>\n<\/ul>\n<\/div>\n<div id=\"c2437\" class=\"csc-default\">\n<div class=\"csc-header csc-header-n11\">\n<h1>St. Gallen<\/h1>\n<\/div>\n<ul>\n<li>Festungsmuseum Heldsberg, St. Margrethen<br \/><a class=\"external-link-new-window\" title=\"Opens external link in new window\" href=\"http:\/\/www.festung.ch\/\" target=\"_blank\" rel=\"noopener noreferrer\">www.festung.ch<\/a><\/li>\n<\/ul>\n<\/div>\n<div id=\"c2438\" class=\"csc-default\">\n<div class=\"csc-header csc-header-n12\">\n<h1>Thurgau<\/h1>\n<\/div>\n<ul>\n<li>Rathaussammlung Stein am Rhein, Rathaus, 8260 Stein am Rhein<br \/><a class=\"external-link-new-window\" title=\"Opens external link in new window\" href=\"http:\/\/www.steinamrhein.ch\/xml_1\/internet\/de\/application\/d1\/f400.cfm\" target=\"_blank\" rel=\"noopener noreferrer\">www.steinamrhein.ch<\/a><\/li>\n<li>Waffenkammer Schloss Wellenberg, eine einmalige Studiensammlung \u00fcber die Entwicklung der Feuerwaffen, 1200 bis 1900, <a class=\"external-link-new-window\" title=\"Opens external link in new window\" href=\"http:\/\/www.feuerwaffen.ch\/\" target=\"_blank\" rel=\"noopener noreferrer\">www.feuerwaffen.ch<\/a><\/li>\n<\/ul>\n<\/div>\n<div id=\"c2439\" class=\"csc-default\">\n<div class=\"csc-header csc-header-n13\">\n<h1>Tessin<\/h1>\n<\/div>\n<ul>\n<li>Forte Mondascia Biasca, Museo Militare Biasca<br \/><a class=\"external-link-new-window\" title=\"Opens external link in new window\" href=\"http:\/\/www.fortemondascia.ch\/\" target=\"_blank\" rel=\"noopener noreferrer\">www.fortemondascia.ch<\/a><\/li>\n<li>Festung Sasso da Pigna<br \/><a class=\"external-link-new-window\" title=\"Opens external link in new window\" href=\"http:\/\/www.sasso-sangottardo.ch\/\" target=\"_blank\" rel=\"noopener noreferrer\">www.sasso-sangottardo.ch<\/a><\/li>\n<li>Waffenplatz Airolo<br \/><a class=\"external-link-new-window\" title=\"Opens external link in new window\" href=\"http:\/\/airolo.ch\/de\/tourismus\/winter\/lifestyle\/kunst-kultur\/das-forte-airolo-museum.html\" target=\"_blank\" rel=\"noopener noreferrer\">Milit\u00e4rmuseum in der Festung Airolo<\/a><\/li>\n<\/ul>\n<ul>\n<li>Sammlung Ausbildungzentrum Spezialkr\u00e4fte Kaserne Isone<br \/><a class=\"external-link-new-window\" title=\"Opens external link in new window\" href=\"http:\/\/www.vtg.admin.ch\/internet\/vtg\/de\/home\/themen\/ksk\/history.html#parsys_44768\" target=\"_blank\" rel=\"noopener noreferrer\">http:\/\/www.vtg.admin.ch\/internet\/vtg\/de\/home\/themen\/ksk\/history.html#parsys_44768<\/a><\/li>\n<\/ul>\n<\/div>\n<div id=\"c2440\" class=\"csc-default\">\n<div class=\"csc-header csc-header-n14\">\n<h1>Waadt<\/h1>\n<\/div>\n<ul>\n<li>Mus\u00e9e militaire vaudois, Ch\u00e2teau, 1110 Morges<br \/><a class=\"external-link-new-window\" title=\"Opens external link in new window\" href=\"http:\/\/www.musees.vd.ch\/chateau-morges\/accueil\/\" target=\"_blank\" rel=\"noopener noreferrer\">www.musees.vd.ch<\/a><\/li>\n<li>Clin d&#8217;ailes &#8211; mus\u00e9e de l&#8217;aviation militaire de Payerne<br \/><a class=\"external-link-new-window\" title=\"Opens external link in new window\" href=\"http:\/\/www.clindailes.ch\/\" target=\"_blank\" rel=\"noopener noreferrer\">www.clindailes.ch<\/a><\/li>\n<li>Fort Pr\u00e9 Giroud, Vallorbe<br \/><a class=\"external-link-new-window\" title=\"Opens external link in new window\" href=\"http:\/\/www.pre-giroud.ch\/\" target=\"_blank\" rel=\"noopener noreferrer\">www.pre-giroud.ch<\/a><\/li>\n<\/ul>\n<\/div>\n<div id=\"c2441\" class=\"csc-default\">\n<div class=\"csc-header csc-header-n15\">\n<h1>Wallis<\/h1>\n<\/div>\n<ul>\n<li>Forteresse historique de Saint-Maurice<br \/><a class=\"external-link-new-window\" title=\"Opens external link in new window\" href=\"http:\/\/www.forteresse-st-maurice.ch\/\" target=\"_blank\" rel=\"noopener noreferrer\">www.forteresse-st-maurice.ch<\/a><\/li>\n<\/ul>\n<\/div>\n<div id=\"c2452\" class=\"csc-default\">\n<div class=\"csc-header csc-header-n16\">\n<h1>Zug<\/h1>\n<\/div>\n<ul>\n<li>Bloodhound Fliegerabwehr-Lenkwaffenstellung Menzingen<br \/><a href=\"http:\/\/www.bloodhound-museum.ch\/\" target=\"_blank\" rel=\"noopener noreferrer\">http:\/\/www.bloodhound-museum.ch\/<\/a><\/li>\n<\/ul>\n<\/div>\n<div id=\"c2442\" class=\"csc-default\">\n<div class=\"csc-header csc-header-n17\">\n<h1>Z\u00fcrich<\/h1>\n<\/div>\n<ul>\n<li>Flieger Flab Museum D\u00fcbendorf<br \/><a class=\"external-link-new-window\" title=\"Opens external link in new window\" href=\"http:\/\/www.airforcecenter.ch\/\" target=\"_blank\" rel=\"noopener noreferrer\">www.airforcecenter.ch<\/a><\/li>\n<li>Zivilschutzmuseum Z\u00fcrich<br \/><a class=\"external-link-new-window\" title=\"Opens external link in new window\" href=\"http:\/\/www.stadt-zuerich.ch\/zivilschutzmuseum\" target=\"_blank\" rel=\"noopener noreferrer\">www.stadt-zuerich.ch\/zivilschutzmuseum<\/a><\/li>\n<li>Fahrzeugmuseum B\u00e4retswil<br \/><a href=\"http:\/\/www.fahrzeug-museum.ch\" target=\"_blank\" rel=\"noopener noreferrer\">www.fahrzeug-museum.ch<\/a><\/li>\n<\/ul>\n<\/div>\n<p>[\/et_pb_text][\/et_pb_column][\/et_pb_row][\/et_pb_section]<\/p>\n","protected":false},"excerpt":{"rendered":"<p>Collezioni e musei militari in Svizzera &nbsp; https:\/\/museemilitaire.ch\/ Aargau Festungsmuseum Reuenthalwww.festungsmuseum.ch Milit\u00e4rmuseum Fullwww.militaer-museum.ch Milit\u00e4rmuseum Wildeggwww.militaermuseumwildegg.ch Bern Stiftung Historisches Material der Schweizer Armee, Postfach 199. 3602 Thunwww.stiftung-ham.ch Schweizerisches Sch\u00fctzenmuseum, Bernastrasse 5, 3005 Bernwww.schuetzenmuseum.ch Befestigungen im Berner Oberlandwww.festung-oberland.ch Stiftung Artilleriewerk Faulenseewww.artilleriewerk-faulensee.ch Bunker Fischbalmenwww.bunker-fischbalmen.ch Artilleriewerk Waldbrand, Festungsmuseum im Berner Oberlandhttp:\/\/www.festung-waldbrand.ch Artilleriefort Spiez-Krattigenwww.afosk.ch Infanterie-Festung Berner Oberlandwww.infanteriefestung.ch IG B\u00f6deli-Werkewww.ig-boedeliwerke.ch Genf [&hellip;]<\/p>\n","protected":false},"author":2,"featured_media":0,"parent":26305,"menu_order":0,"comment_status":"closed","ping_status":"closed","template":"","meta":{"_et_pb_use_builder":"on","_et_pb_old_content":"","_et_gb_content_width":"","footnotes":""},"class_list":["post-26307","page","type-page","status-publish","hentry"],"_links":{"self":[{"href":"https:\/\/armeemuseum.ch\/it\/wp-json\/wp\/v2\/pages\/26307","targetHints":{"allow":["GET"]}}],"collection":[{"href":"https:\/\/armeemuseum.ch\/it\/wp-json\/wp\/v2\/pages"}],"about":[{"href":"https:\/\/armeemuseum.ch\/it\/wp-json\/wp\/v2\/types\/page"}],"author":[{"embeddable":true,"href":"https:\/\/armeemuseum.ch\/it\/wp-json\/wp\/v2\/users\/2"}],"replies":[{"embeddable":true,"href":"https:\/\/armeemuseum.ch\/it\/wp-json\/wp\/v2\/comments?post=26307"}],"version-history":[{"count":10,"href":"https:\/\/armeemuseum.ch\/it\/wp-json\/wp\/v2\/pages\/26307\/revisions"}],"predecessor-version":[{"id":47710,"href":"https:\/\/armeemuseum.ch\/it\/wp-json\/wp\/v2\/pages\/26307\/revisions\/47710"}],"up":[{"embeddable":true,"href":"https:\/\/armeemuseum.ch\/it\/wp-json\/wp\/v2\/pages\/26305"}],"wp:attachment":[{"href":"https:\/\/armeemuseum.ch\/it\/wp-json\/wp\/v2\/media?parent=26307"}],"curies":[{"name":"wp","href":"https:\/\/api.w.org\/{rel}","templated":true}]}}